{"id":309,"date":"2016-04-07T00:25:57","date_gmt":"2016-04-07T00:25:57","guid":{"rendered":"http:\/\/mojdoberman.com\/doberman\/?page_id=309"},"modified":"2025-12-17T22:21:27","modified_gmt":"2025-12-17T22:21:27","slug":"sale","status":"publish","type":"page","link":"https:\/\/mojdoberman.com\/doberman\/","title":{"rendered":"FOR SALE"},"content":{"rendered":"<p>[vc_row][vc_column css=&#8221;.vc_custom_1766010077516{padding-top: 20px !important;}&#8221;][vc_column_text]<div class=\"pt-cv-wrapper\"><div class=\"pt-cv-view pt-cv-overlaygrid iscvblock iscvhybrid overlay1 layout1\" id=\"pt-cv-view-5ab89820e9\"><div data-id=\"pt-cv-page-1\" class=\"pt-cv-page\" data-cvc=\"3\"><div class=\" pt-cv-content-item pt-cv-1-col\" ><div class=\"pt-cv-thumb-wrapper  \"><a href=\"https:\/\/mojdoberman.com\/doberman\/2016\/01\/21\/brigite-mojdoberman-45m\/\" class=\"_self pt-cv-href-thumbnail pt-cv-thumb-default\" target=\"_self\" ><img loading=\"lazy\" decoding=\"async\" width=\"300\" height=\"199\" src=\"https:\/\/mojdoberman.com\/doberman\/wp-content\/uploads\/revslider\/classicslider1\/slider01b-300x199.jpg\" class=\"pt-cv-thumbnail\" alt=\"\" srcset=\"https:\/\/mojdoberman.com\/doberman\/wp-content\/uploads\/revslider\/classicslider1\/slider01b-300x199.jpg 300w, https:\/\/mojdoberman.com\/doberman\/wp-content\/uploads\/revslider\/classicslider1\/slider01b-768x509.jpg 768w, https:\/\/mojdoberman.com\/doberman\/wp-content\/uploads\/revslider\/classicslider1\/slider01b-1024x678.jpg 1024w, https:\/\/mojdoberman.com\/doberman\/wp-content\/uploads\/revslider\/classicslider1\/slider01b-220x146.jpg 220w, https:\/\/mojdoberman.com\/doberman\/wp-content\/uploads\/revslider\/classicslider1\/slider01b-50x33.jpg 50w, https:\/\/mojdoberman.com\/doberman\/wp-content\/uploads\/revslider\/classicslider1\/slider01b-113x75.jpg 113w, https:\/\/mojdoberman.com\/doberman\/wp-content\/uploads\/revslider\/classicslider1\/slider01b.jpg 1110w\" sizes=\"auto, (max-width: 300px) 100vw, 300px\" \/><\/a><\/div>\n<div class=\"pt-cv-overlay-wrapper\"><h4 class=\"pt-cv-title\"><a href=\"https:\/\/mojdoberman.com\/doberman\/2016\/01\/21\/brigite-mojdoberman-45m\/\" class=\"_self\" target=\"_self\" >ENRIQUE Moj Doberman<\/a><\/h4><\/div><\/div>\n<div class=\" pt-cv-content-item pt-cv-1-col\" ><div class=\"pt-cv-thumb-wrapper  \"><a href=\"https:\/\/mojdoberman.com\/doberman\/2016\/01\/21\/vrhunsko-leglo-april-2016-superior-litter-april-2016\/\" class=\"_self pt-cv-href-thumbnail pt-cv-thumb-default\" target=\"_self\" ><img loading=\"lazy\" decoding=\"async\" width=\"300\" height=\"180\" src=\"https:\/\/mojdoberman.com\/doberman\/wp-content\/uploads\/2016\/04\/12736647-300x180.jpg\" class=\"pt-cv-thumbnail\" alt=\"\" srcset=\"https:\/\/mojdoberman.com\/doberman\/wp-content\/uploads\/2016\/04\/12736647-300x180.jpg 300w, https:\/\/mojdoberman.com\/doberman\/wp-content\/uploads\/2016\/04\/12736647-768x461.jpg 768w, https:\/\/mojdoberman.com\/doberman\/wp-content\/uploads\/2016\/04\/12736647-1024x615.jpg 1024w, https:\/\/mojdoberman.com\/doberman\/wp-content\/uploads\/2016\/04\/12736647-243x146.jpg 243w, https:\/\/mojdoberman.com\/doberman\/wp-content\/uploads\/2016\/04\/12736647-50x30.jpg 50w, https:\/\/mojdoberman.com\/doberman\/wp-content\/uploads\/2016\/04\/12736647-125x75.jpg 125w, https:\/\/mojdoberman.com\/doberman\/wp-content\/uploads\/2016\/04\/12736647.jpg 2048w\" sizes=\"auto, (max-width: 300px) 100vw, 300px\" \/><\/a><\/div>\n<div class=\"pt-cv-overlay-wrapper\"><h4 class=\"pt-cv-title\"><a href=\"https:\/\/mojdoberman.com\/doberman\/2016\/01\/21\/vrhunsko-leglo-april-2016-superior-litter-april-2016\/\" class=\"_self\" target=\"_self\" >VRHUNSKO LEGLO JUN 2017 \/ SUPERIOR LITTER JUNE 2017<\/a><\/h4><\/div><\/div>\n<div class=\" pt-cv-content-item pt-cv-1-col\" ><div class=\"pt-cv-thumb-wrapper  \"><a href=\"https:\/\/mojdoberman.com\/doberman\/2016\/01\/21\/ana-mojdoberman-efes-b-litter-pupies-september-2014\/\" class=\"_self pt-cv-href-thumbnail pt-cv-thumb-default\" target=\"_self\" ><img loading=\"lazy\" decoding=\"async\" width=\"300\" height=\"165\" src=\"https:\/\/mojdoberman.com\/doberman\/wp-content\/uploads\/2016\/01\/slider03a-300x165.jpg\" class=\"pt-cv-thumbnail\" alt=\"\" srcset=\"https:\/\/mojdoberman.com\/doberman\/wp-content\/uploads\/2016\/01\/slider03a-300x165.jpg 300w, https:\/\/mojdoberman.com\/doberman\/wp-content\/uploads\/2016\/01\/slider03a-768x421.jpg 768w, https:\/\/mojdoberman.com\/doberman\/wp-content\/uploads\/2016\/01\/slider03a-1024x562.jpg 1024w, https:\/\/mojdoberman.com\/doberman\/wp-content\/uploads\/2016\/01\/slider03a-260x143.jpg 260w, https:\/\/mojdoberman.com\/doberman\/wp-content\/uploads\/2016\/01\/slider03a-50x27.jpg 50w, https:\/\/mojdoberman.com\/doberman\/wp-content\/uploads\/2016\/01\/slider03a-137x75.jpg 137w, https:\/\/mojdoberman.com\/doberman\/wp-content\/uploads\/2016\/01\/slider03a.jpg 1240w\" sizes=\"auto, (max-width: 300px) 100vw, 300px\" \/><\/a><\/div>\n<div class=\"pt-cv-overlay-wrapper\"><h4 class=\"pt-cv-title\"><a href=\"https:\/\/mojdoberman.com\/doberman\/2016\/01\/21\/ana-mojdoberman-efes-b-litter-pupies-september-2014\/\" class=\"_self\" target=\"_self\" >TARA  Moj Doberman<\/a><\/h4><\/div><\/div>\n<div class=\" pt-cv-content-item pt-cv-1-col\" ><div class=\"pt-cv-thumb-wrapper  \"><a href=\"https:\/\/mojdoberman.com\/doberman\/2016\/01\/21\/for-sale\/\" class=\"_self pt-cv-href-thumbnail pt-cv-thumb-default\" target=\"_self\" ><img loading=\"lazy\" decoding=\"async\" width=\"300\" height=\"169\" src=\"https:\/\/mojdoberman.com\/doberman\/wp-content\/uploads\/2016\/04\/ZEUS3_sl-300x169.jpg\" class=\"pt-cv-thumbnail\" alt=\"\" srcset=\"https:\/\/mojdoberman.com\/doberman\/wp-content\/uploads\/2016\/04\/ZEUS3_sl-300x169.jpg 300w, https:\/\/mojdoberman.com\/doberman\/wp-content\/uploads\/2016\/04\/ZEUS3_sl-768x432.jpg 768w, https:\/\/mojdoberman.com\/doberman\/wp-content\/uploads\/2016\/04\/ZEUS3_sl-1024x576.jpg 1024w, https:\/\/mojdoberman.com\/doberman\/wp-content\/uploads\/2016\/04\/ZEUS3_sl-260x146.jpg 260w, https:\/\/mojdoberman.com\/doberman\/wp-content\/uploads\/2016\/04\/ZEUS3_sl-50x28.jpg 50w, https:\/\/mojdoberman.com\/doberman\/wp-content\/uploads\/2016\/04\/ZEUS3_sl-133x75.jpg 133w, https:\/\/mojdoberman.com\/doberman\/wp-content\/uploads\/2016\/04\/ZEUS3_sl.jpg 1920w\" sizes=\"auto, (max-width: 300px) 100vw, 300px\" \/><\/a><\/div>\n<div class=\"pt-cv-overlay-wrapper\"><h4 class=\"pt-cv-title\"><a href=\"https:\/\/mojdoberman.com\/doberman\/2016\/01\/21\/for-sale\/\" class=\"_self\" target=\"_self\" >ZEUS Moj Doberman<\/a><\/h4><\/div><\/div>\n<div class=\" pt-cv-content-item pt-cv-1-col\" ><div class=\"pt-cv-thumb-wrapper  \"><a href=\"https:\/\/mojdoberman.com\/doberman\/2016\/01\/21\/enrique-moj-doberman\/\" class=\"_self pt-cv-href-thumbnail pt-cv-thumb-default\" target=\"_self\" ><img loading=\"lazy\" decoding=\"async\" width=\"199\" height=\"300\" src=\"https:\/\/mojdoberman.com\/doberman\/wp-content\/uploads\/2016\/01\/12076182_828175097297296_1195668973_o-199x300.jpg\" class=\"pt-cv-thumbnail\" alt=\"\" srcset=\"https:\/\/mojdoberman.com\/doberman\/wp-content\/uploads\/2016\/01\/12076182_828175097297296_1195668973_o-199x300.jpg 199w, https:\/\/mojdoberman.com\/doberman\/wp-content\/uploads\/2016\/01\/12076182_828175097297296_1195668973_o-679x1024.jpg 679w, https:\/\/mojdoberman.com\/doberman\/wp-content\/uploads\/2016\/01\/12076182_828175097297296_1195668973_o-97x146.jpg 97w, https:\/\/mojdoberman.com\/doberman\/wp-content\/uploads\/2016\/01\/12076182_828175097297296_1195668973_o-33x50.jpg 33w, https:\/\/mojdoberman.com\/doberman\/wp-content\/uploads\/2016\/01\/12076182_828175097297296_1195668973_o-50x75.jpg 50w, https:\/\/mojdoberman.com\/doberman\/wp-content\/uploads\/2016\/01\/12076182_828175097297296_1195668973_o.jpg 721w\" sizes=\"auto, (max-width: 199px) 100vw, 199px\" \/><\/a><\/div>\n<div class=\"pt-cv-overlay-wrapper\"><h4 class=\"pt-cv-title\"><a href=\"https:\/\/mojdoberman.com\/doberman\/2016\/01\/21\/enrique-moj-doberman\/\" class=\"_self\" target=\"_self\" >Enrique Moj Doberman<\/a><\/h4><\/div><\/div>\n<div class=\" pt-cv-content-item pt-cv-1-col\" ><div class=\"pt-cv-thumb-wrapper  \"><a href=\"https:\/\/mojdoberman.com\/doberman\/2016\/01\/01\/d-litters-pupies-reserve-open-lea-zac\/\" class=\"_self pt-cv-href-thumbnail pt-cv-thumb-default\" target=\"_self\" ><img loading=\"lazy\" decoding=\"async\" width=\"300\" height=\"165\" src=\"https:\/\/mojdoberman.com\/doberman\/wp-content\/uploads\/2016\/01\/LesZak-300x165.jpg\" class=\"pt-cv-thumbnail\" alt=\"\" srcset=\"https:\/\/mojdoberman.com\/doberman\/wp-content\/uploads\/2016\/01\/LesZak-300x165.jpg 300w, https:\/\/mojdoberman.com\/doberman\/wp-content\/uploads\/2016\/01\/LesZak-768x421.jpg 768w, https:\/\/mojdoberman.com\/doberman\/wp-content\/uploads\/2016\/01\/LesZak-1024x562.jpg 1024w, https:\/\/mojdoberman.com\/doberman\/wp-content\/uploads\/2016\/01\/LesZak-260x143.jpg 260w, https:\/\/mojdoberman.com\/doberman\/wp-content\/uploads\/2016\/01\/LesZak-50x27.jpg 50w, https:\/\/mojdoberman.com\/doberman\/wp-content\/uploads\/2016\/01\/LesZak-137x75.jpg 137w, https:\/\/mojdoberman.com\/doberman\/wp-content\/uploads\/2016\/01\/LesZak.jpg 1240w\" sizes=\"auto, (max-width: 300px) 100vw, 300px\" \/><\/a><\/div>\n<div class=\"pt-cv-overlay-wrapper\"><h4 class=\"pt-cv-title\"><a href=\"https:\/\/mojdoberman.com\/doberman\/2016\/01\/01\/d-litters-pupies-reserve-open-lea-zac\/\" class=\"_self\" target=\"_self\" >D-litters pupies RESERVE OPEN (Lea &#038; Zac)<\/a><\/h4><\/div><\/div><\/div><\/div><\/div>\t\t\t<style type=\"text\/css\" id=\"pt-cv-inline-style-c0bd9b60m8\">#pt-cv-view-5ab89820e9 .pt-cv-thumb-wrapper::before {background: rgba(0,0,0,.4); opacity: 0.8;}#pt-cv-view-5ab89820e9 .pt-cv-overlay-wrapper {justify-content: center;}\n#pt-cv-view-5ab89820e9 > .pt-cv-page {grid-template-columns: repeat(3, 1fr);grid-auto-rows: 250px;grid-gap: 15px;}\n@media all and (max-width: 1024px) { \n#pt-cv-view-5ab89820e9 > .pt-cv-page {grid-template-columns: repeat(1, 1fr);}\n} \n@media all and (max-width: 767px) { \n#pt-cv-view-5ab89820e9 > .pt-cv-page {grid-template-columns: repeat(1, 1fr);}\n} <\/style>\r\n\t\t\t[\/vc_column_text][vc_empty_space][\/vc_column][\/vc_row][vc_row][vc_column width=&#8221;2\/3&#8243;][vc_separator color=&#8221;custom&#8221; accent_color=&#8221;#969696&#8243;][vc_column_text]<\/p>\n<p style=\"text-align: justify;\">Doberman &#8211; Ro\u0111en u Nema\u010dkoj, ima tome oko sto godina, ovaj veoma elegantan pas, dobio je ime po Luisu Dobermanu, tada zadu\u017eenom za rukovo\u0111enje stajom za uhva\u0107ene pse, u malom gradu Apolda (Tuenng). On je ukr\u0161tanjem dobio prve primerke ove rase.<\/p>\n<p style=\"text-align: justify;\">Me\u0111u pretke dobermana ubrajaju se, bez sumnje, pin\u010d, nema\u010dka doga, boseron i rotvajler. Me\u0111utim, Oto Gbeler je odredio rasu, nakon \u0161to ju je ukrstio, pre svega sa crnim i tan terijerom, i verovatno grejhaundom. Spajaju\u0107i kvalitete \u010duvara sa lova\u010dkim njuhom, prvi dobermani su radili sa \u017eandarima Tueringa, a zatim i u vojsci, u patroliranju i \u010duvanju, tokom Prvog svetskog rata.<\/p>\n<p style=\"text-align: justify;\">Od najranijeg doba, doberman pokazuje svoj ponos i karakter dominacije. Oko \u010detvrtog do petog meseca, on \u010desto poku\u0161ava, re\u017ee\u0107i i pokazuju\u0107i zube, da nametne svoju volju. Takvo ispoljavanje njegovog nezavisnog duha, mora odmah da bude suzbijeno, bez brutalnosti, ali \u010dvrstom rukom.<\/p>\n<p style=\"text-align: justify;\">Kada jednom uspemo da mu nametnemo svoju volju, doberman postaje pot\u010dinjen pas, umiljat i veoma vezan za svog gospodara. Inteligentan, budnog oka, hrabar, \u0161tavi\u0161e neustra\u0161iv, izvrstan pas \u010duvar, mo\u017ee da bude agresivan prema uljezima. Njegov karakter, \u010dini deo njegovog standarda; suvi\u0161e agresivni psi, kukavice ili suvi\u0161e nervozni moraju da budu odstranjeni.<\/p>\n<p style=\"text-align: justify;\">Doberman se danas smatra predvodnikom pin\u010dera, \u010diju morfologiju u potpunosti ima po zna\u010dajnom me\u0111unarodnom uspehu, koji je postigao. Dobre visine, doberman ima ponosan i odlu\u010dan hod. Poznat je po svojoj, skoro \u010detvrtastoj gra\u0111i.<\/p>\n<p style=\"text-align: justify;\">Glava je duga i ko\u0161\u010data, u obliku izdu\u017eenog klina, jasno se izdvaja iz vrata i u proporciji je sa telom. Kose o\u010di moraju da budu \u0161to je mogu\u0107e tamnije. U\u0161i su uspravne i visoko postavljene. Standard zahteva da budu se\u010dene, \u0161to dobermanu daje odlu\u010dan izgled. Po prirodi, u\u0161i su poluspu\u0161tene.<\/p>\n<p style=\"text-align: justify;\">Ovaj pas ima mi\u0161i\u0107ave slabine, kratka i kompaktna le\u0111a, okrugle sapi, duga i izuzetno mi\u0161i\u0107ava bedra, koja mu daju gibak hod. Prednje noge su \u010dvrste koliko i stra\u017enje. Sko\u010dni zglobovi moraju da budu paralelni i vertikalni u odnosu na pod. Stra\u017enji prsti nisu dozvoljeni.Rep je tako\u0111e se\u010den. Dlaka je tvrda i nabijena, kratka i glatka, crne, tamno sme\u0111e ili plavo-sive boje. Ima dosta plamenih oznaka, mahagonija boje, na nivou nju\u0161ke, usana, obraza, luka iznad obrva, grla, prsa, do\u0161apja, nogu, unutra\u0161njosti bedara i anusa.<\/p>\n<p style=\"text-align: justify;\">Dozvoljena je siva poddlaka, pod uslovom da nije vidljivo istaknuta. Izba\u010dena glava, ili kratka ili velika, \u0161picasta nju\u0161ka, svetle o\u010di, lo\u0161e dr\u017eanje, suvi\u0161e dugo telo ili suvi\u0161e tanko, suvi\u0161e svetle plamene oznake, kaskaju\u0107i hod, sve to mo\u017ee da se smatra nedostatkom.<\/p>\n<p>[\/vc_column_text][vc_separator color=&#8221;custom&#8221; accent_color=&#8221;#969696&#8243;][\/vc_column][vc_column width=&#8221;1\/3&#8243;][vc_separator color=&#8221;custom&#8221; accent_color=&#8221;#969696&#8243;][\/vc_column][\/vc_row]<\/p>\n","protected":false},"excerpt":{"rendered":"<p>[vc_row][vc_column css=&#8221;.vc_custom_1766010077516{padding-top: 20px !important;}&#8221;][vc_column_text][\/vc_column_text][vc_empty_space][\/vc_column][\/vc_row][vc_row][vc_column width=&#8221;2\/3&#8243;][vc_separator color=&#8221;custom&#8221; accent_color=&#8221;#969696&#8243;][vc_column_text] Doberman &#8211; Ro\u0111en u Nema\u010dkoj, ima tome oko sto godina, ovaj veoma elegantan pas, dobio je ime po Luisu [&hellip;]<\/p>\n","protected":false},"author":1,"featured_media":0,"parent":0,"menu_order":0,"comment_status":"closed","ping_status":"closed","template":"","meta":{"footnotes":""},"class_list":["post-309","page","type-page","status-publish","hentry"],"_links":{"self":[{"href":"https:\/\/mojdoberman.com\/doberman\/wp-json\/wp\/v2\/pages\/309","targetHints":{"allow":["GET"]}}],"collection":[{"href":"https:\/\/mojdoberman.com\/doberman\/wp-json\/wp\/v2\/pages"}],"about":[{"href":"https:\/\/mojdoberman.com\/doberman\/wp-json\/wp\/v2\/types\/page"}],"author":[{"embeddable":true,"href":"https:\/\/mojdoberman.com\/doberman\/wp-json\/wp\/v2\/users\/1"}],"replies":[{"embeddable":true,"href":"https:\/\/mojdoberman.com\/doberman\/wp-json\/wp\/v2\/comments?post=309"}],"version-history":[{"count":18,"href":"https:\/\/mojdoberman.com\/doberman\/wp-json\/wp\/v2\/pages\/309\/revisions"}],"predecessor-version":[{"id":877,"href":"https:\/\/mojdoberman.com\/doberman\/wp-json\/wp\/v2\/pages\/309\/revisions\/877"}],"wp:attachment":[{"href":"https:\/\/mojdoberman.com\/doberman\/wp-json\/wp\/v2\/media?parent=309"}],"curies":[{"name":"wp","href":"https:\/\/api.w.org\/{rel}","templated":true}]}}